{"id":2165,"date":"2026-03-21T07:06:58","date_gmt":"2026-03-21T07:06:58","guid":{"rendered":"https:\/\/iktyos.se\/?post_type=tribe_events&#038;p=2165"},"modified":"2026-03-21T07:06:58","modified_gmt":"2026-03-21T07:06:58","slug":"traff-med-lakarstudenter-i-jonkoping-kalmar-linkoping-norrkoping","status":"publish","type":"tribe_events","link":"https:\/\/iktyos.se\/?tribe_events=traff-med-lakarstudenter-i-jonkoping-kalmar-linkoping-norrkoping","title":{"rendered":"Tr\u00e4ff med l\u00e4karstudenter i J\u00f6nk\u00f6ping, Kalmar, Link\u00f6ping &#038; Norrk\u00f6ping"},"content":{"rendered":"<h4>Vill du bidra med dina kunskaper och erfarenheter om att leva med s\u00e4llsynt diagnos?<\/h4>\n<p style=\"font-weight: 400;\">Centrum f\u00f6r s\u00e4llsynta diagnoser syd\u00f6st anordnar \u00e5terigen en s\u00e4llsynt dag p\u00e5 L\u00e4karprogrammets termin 6. Syftet med dagen \u00e4r att l\u00e4karstudenterna ska f\u00e5 insyn i den stora variationen av s\u00e4llsynta diagnoser, v\u00e4gen till diagnos, vardagen med s\u00e4llsynt diagnos samt de s\u00e4llsyntas dilemma. Uppl\u00e4gget sker i form av \u201dspeed-dejting\u201d d\u00e4r du kommer att f\u00e5 tr\u00e4ffa fem olika grupper (3-4 studenter) med 12-15 minuter avsatt f\u00f6r varje grupp.<br \/>\nG\u00e4ller b\u00e5de dig som patient eller anh\u00f6rig.<br \/>\nN\u00e4r du skickar ditt svar uppge vilken ort du vill delta p\u00e5.<br \/>\nUtskicket g\u00e5r till m\u00e5nga, f\u00f6rst till kvarn g\u00e4ller f\u00f6r att delta. N\u00e4r vi fyllt kvoten uppr\u00e4ttas reservlistor. Alla som tackar ja f\u00e5r svar om att man f\u00e5r delta eller bli reserv.<\/p>\n<p style=\"font-weight: 400;\">\n<table style=\"font-weight: 400;\">\n<tbody>\n<tr>\n<td width=\"56\">N\u00e4r:<\/td>\n<td width=\"539\">19 maj 2026<\/td>\n<\/tr>\n<tr>\n<td width=\"56\">Tid:<\/td>\n<td width=\"539\">13.00-15.30<\/td>\n<\/tr>\n<tr>\n<td width=\"56\">Plats:<\/td>\n<td width=\"539\">Sjukhusomr\u00e5det p\u00e5 Universitetssjukhuset Link\u00f6ping,<\/p>\n<p>Vrinnevisjukhuset Norrk\u00f6ping, L\u00e4nssjukhuset Ryhov J\u00f6nk\u00f6ping<\/p>\n<p>och Kalmar L\u00e4nssjukhus<\/p>\n<p>(V\u00e4lj den ort som passar dig b\u00e4st)<\/td>\n<\/tr>\n<\/tbody>\n<\/table>\n<p style=\"font-weight: 400;\">\n<p>Kontakta styrelsen f\u00f6r mer information p\u00e5 info@iktyos.se<\/p>\n","protected":false},"excerpt":{"rendered":"<p>Vill du bidra med dina kunskaper och erfarenheter om att leva med s\u00e4llsynt diagnos? Centrum f\u00f6r s\u00e4llsynta diagnoser syd\u00f6st anordnar \u00e5terigen en s\u00e4llsynt dag p\u00e5 L\u00e4karprogrammets termin 6. Syftet med dagen \u00e4r att l\u00e4karstudenterna ska f\u00e5 insyn i den stora <span class=\"excerpt-dots\">&hellip;<\/span> <a class=\"more-link\" href=\"https:\/\/iktyos.se\/?tribe_events=traff-med-lakarstudenter-i-jonkoping-kalmar-linkoping-norrkoping\"><span class=\"more-msg\">L\u00e4s mer &rarr;<\/span><\/a><\/p>\n","protected":false},"author":1,"featured_media":0,"template":"","meta":{"_uag_custom_page_level_css":"","_tribe_events_status":"","_tribe_events_status_reason":"","footnotes":""},"tags":[44,24,28,53,67,26,27,65,66],"tribe_events_cat":[23],"class_list":["post-2165","tribe_events","type-tribe_events","status-publish","hentry","tag-44","tag-kalmar","tag-lakarstudenter","tag-lansjukhuset-kalmar","tag-lanssjukhuset-ryhov-jonkoping","tag-linkoping","tag-norrkoping","tag-universitetssjukhuset-linkoping","tag-vrinnevisjukhuset-norrkoping","tribe_events_cat-sydostra","cat_sydostra"],"uagb_featured_image_src":{"full":false,"thumbnail":false,"medium":false,"medium_large":false,"large":false,"1536x1536":false,"2048x2048":false},"uagb_author_info":{"display_name":"Iktyosf\u00f6reningen","author_link":"https:\/\/iktyos.se\/?author=1"},"uagb_comment_info":0,"uagb_excerpt":"Vill du bidra med dina kunskaper och erfarenheter om att leva med s\u00e4llsynt diagnos? Centrum f\u00f6r s\u00e4llsynta diagnoser syd\u00f6st anordnar \u00e5terigen en s\u00e4llsynt dag p\u00e5 L\u00e4karprogrammets termin 6. Syftet med dagen \u00e4r att l\u00e4karstudenterna ska f\u00e5 insyn i den stora &hellip; L\u00e4s mer &rarr;","_links":{"self":[{"href":"https:\/\/iktyos.se\/index.php?rest_route=\/wp\/v2\/tribe_events\/2165","targetHints":{"allow":["GET"]}}],"collection":[{"href":"https:\/\/iktyos.se\/index.php?rest_route=\/wp\/v2\/tribe_events"}],"about":[{"href":"https:\/\/iktyos.se\/index.php?rest_route=\/wp\/v2\/types\/tribe_events"}],"author":[{"embeddable":true,"href":"https:\/\/iktyos.se\/index.php?rest_route=\/wp\/v2\/users\/1"}],"version-history":[{"count":1,"href":"https:\/\/iktyos.se\/index.php?rest_route=\/wp\/v2\/tribe_events\/2165\/revisions"}],"predecessor-version":[{"id":2166,"href":"https:\/\/iktyos.se\/index.php?rest_route=\/wp\/v2\/tribe_events\/2165\/revisions\/2166"}],"wp:attachment":[{"href":"https:\/\/iktyos.se\/index.php?rest_route=%2Fwp%2Fv2%2Fmedia&parent=2165"}],"wp:term":[{"taxonomy":"post_tag","embeddable":true,"href":"https:\/\/iktyos.se\/index.php?rest_route=%2Fwp%2Fv2%2Ftags&post=2165"},{"taxonomy":"tribe_events_cat","embeddable":true,"href":"https:\/\/iktyos.se\/index.php?rest_route=%2Fwp%2Fv2%2Ftribe_events_cat&post=2165"}],"curies":[{"name":"wp","href":"https:\/\/api.w.org\/{rel}","templated":true}]}}