{"id":280,"date":"2025-06-20T04:39:57","date_gmt":"2025-06-20T04:39:57","guid":{"rendered":"https:\/\/test.iktyos.se\/?page_id=280"},"modified":"2026-01-23T09:40:52","modified_gmt":"2026-01-23T09:40:52","slug":"stependiefonden","status":"publish","type":"page","link":"https:\/\/iktyos.se\/?page_id=280","title":{"rendered":"Stipendium \/ Stipendiater"},"content":{"rendered":"\n<h3 class=\"wp-block-heading has-text-align-left\"><strong>Stadgar f\u00f6r stipendiefonden<\/strong><\/h3>\n\n\n\n<p class=\"has-text-align-left\">Stipendiet ska utdelas vid \u00e5rsm\u00f6tet varje \u00e5r f\u00f6r betydande insatser f\u00f6r f\u00f6rverkligandet av Iktyosf\u00f6reningens syften:<\/p>\n\n\n\n<ul class=\"wp-block-list\">\n<li>Vara st\u00f6dorganisation f\u00f6r medlemmarna.<\/li>\n\n\n\n<li>Arbeta f\u00f6r b\u00e4ttre v\u00e5rd, behandling och levnadsvillkor f\u00f6r diagnos b\u00e4rare och deras familjer.<\/li>\n\n\n\n<li>Arbeta f\u00f6r kompensation av de merkostnader som sjukdomarna medf\u00f6r.<\/li>\n\n\n\n<li>Verka f\u00f6r upplysning om iktyos och andra n\u00e4rliggande hudsjukdomar.<\/li>\n\n\n\n<li>Verka f\u00f6r forskning om iktyos och andra n\u00e4rliggande hudsjukdomar.<\/li>\n\n\n\n<li>Verka f\u00f6r samarbete med andra organisationer f\u00f6r f\u00f6rverkligande av gemensamma syften.<\/li>\n<\/ul>\n\n\n\n<h5 class=\"wp-block-heading\">Stipendiet \u00e4r p\u00e5 5 000 kr.<\/h5>\n\n\n\n<p> Alla medlemmar f\u00e5r nominera stipendiater senast 31 december \u00e5ret f\u00f6re utdelandet. <\/p>\n\n\n\n<p>Beslut om stipendiaten tas av styrelsen p\u00e5 styrelsem\u00f6tet f\u00f6re \u00e5rsm\u00f6tet. Eventuellt nominerade styrelseledam\u00f6ter f\u00e5r ej delta i beslutet. Om ingen l\u00e4mplig stipendiat har nominerats kan styrelsen besluta att inte dela ut stipendiet det \u00e5ret. Pengarna kvarst\u00e5r d\u00e5 i fonden och \u00e5ret efter delas stipendiet ut igen. <\/p>\n\n\n\n<p>Samma person kan inte tilldelas stipendiet mer \u00e4n en g\u00e5ng inom en fem\u00e5rsperiod.<\/p>\n\n\n\n<h3 class=\"wp-block-heading has-text-align-left\">Hur g\u00f6r man f\u00f6r att nominera en kandidat?<\/h3>\n\n\n\n<p>Skicka ett mail till Iktyosf\u00f6reningens styrelse genom att trycka <a href=\"mailto:info@iktyos.se\" data-type=\"mailto\" data-id=\"mailto:\" target=\"_blank\" rel=\"noreferrer noopener\"><strong>H\u00c4R<\/strong><\/a><\/p>\n\n\n\n<h3 class=\"wp-block-heading has-text-align-left\">Stipendiater<\/h3>\n\n\n\n<figure class=\"wp-block-table alignwide\"><table class=\"has-fixed-layout\"><tbody><tr><td class=\"has-text-align-center\" data-align=\"center\"><strong>\u00c5r<\/strong><\/td><td class=\"has-text-align-center\" data-align=\"center\"><strong>Tilldelat<\/strong><\/td><td class=\"has-text-align-left\" data-align=\"left\"><strong>Motivering<\/strong><\/td><\/tr><tr><td class=\"has-text-align-center\" data-align=\"center\"><strong>2024<\/strong><\/td><td class=\"has-text-align-center\" data-align=\"center\"><strong>Mikael G\u00e5nemo<\/strong><\/td><td class=\"has-text-align-left\" data-align=\"left\">Varit ordf\u00f6rande i m\u00e5nga \u00e5r samt f\u00f6rel\u00e4st f\u00f6r flera relevanta professioner om iktyos och att leva med iktyos.<br><\/td><\/tr><tr><td class=\"has-text-align-center\" data-align=\"center\"><strong>2023<\/strong><\/td><td class=\"has-text-align-center\" data-align=\"center\"><strong>Eva Dafg\u00e5rd Kropp<\/strong><\/td><td class=\"has-text-align-left\" data-align=\"left\">\u00d6gonl\u00e4kare p\u00e5 Sankt Eriks \u00f6gonsjukhus. Har opererat m\u00e5nga med iktyos och \u00e4r nog kunnigast i Sverige p\u00e5 operation av \u00f6gon hos patienter med iktyos.<\/td><\/tr><tr><td class=\"has-text-align-center\" data-align=\"center\"><strong>2022<\/strong><\/td><td class=\"has-text-align-center\" data-align=\"center\"><strong>Sigrid Wallmark<\/strong><\/td><td class=\"has-text-align-left\" data-align=\"left\">Tidigare styrelsemedlem som varit engagerad i m\u00e5nga \u00e5r inom f\u00f6reningen nationellt samt i region 7. K\u00e4mpat regionalt f\u00f6r medicinsk fotv\u00e5rd.<\/td><\/tr><tr><td class=\"has-text-align-center\" data-align=\"center\"><strong>2021<\/strong><\/td><td class=\"has-text-align-center\" data-align=\"center\"><strong>Ann-Christine Backvald<\/strong><\/td><td class=\"has-text-align-left\" data-align=\"left\">Tidigare kass\u00f6r och sekreterare i region 1.<br> Alltid hj\u00e4lpsam. St\u00e4ller upp vid behov.<\/td><\/tr><tr><td class=\"has-text-align-center\" data-align=\"center\"><strong>2020<\/strong><\/td><td class=\"has-text-align-center\" data-align=\"center\"><\/td><td class=\"has-text-align-left\" data-align=\"left\">Inga inkomna nomineringar. <\/td><\/tr><tr><td class=\"has-text-align-center\" data-align=\"center\"><strong>2019<\/strong><\/td><td class=\"has-text-align-center\" data-align=\"center\"><strong>Nina Johansson<\/strong><\/td><td class=\"has-text-align-left\" data-align=\"left\">Tidigare ordf\u00f6rande samt engagerad i region 3.<\/td><\/tr><tr><td class=\"has-text-align-center\" data-align=\"center\"><strong>2018<\/strong><\/td><td class=\"has-text-align-center\" data-align=\"center\"><strong>Patrik Forslin<\/strong><\/td><td class=\"has-text-align-left\" data-align=\"left\">Socionom och psykoterapeut p\u00e5 BOSSE R\u00e5d- och Kunskapscenter i Stockholm. Var till ov\u00e4rderlig hj\u00e4lp n\u00e4r en medlem trilskades med myndigheter f\u00f6r att f\u00e5 anpassat badrum.<\/td><\/tr><tr><td class=\"has-text-align-center\" data-align=\"center\"><strong>2017<\/strong><\/td><td class=\"has-text-align-center\" data-align=\"center\"><strong>Anna-Karin \u00d6dman<\/strong><\/td><td class=\"has-text-align-left\" data-align=\"left\">Aktiv i region 4 under m\u00e5nga \u00e5r, st\u00e4llt ut om iktyos och f\u00f6reningen regelbundet p\u00e5 bl.a. bibliotek och i sjukhusentr\u00e9er.<\/td><\/tr><tr><td class=\"has-text-align-center\" data-align=\"center\"><strong>2016<\/strong><\/td><td class=\"has-text-align-center\" data-align=\"center\"><strong>Nils Hamn\u00e9rius<\/strong><\/td><td class=\"has-text-align-left\" data-align=\"left\">Dermatolog och Mikael G\u00e5nemos l\u00e4kare p\u00e5 universitet sjukhuset i Malm\u00f6. Intresserad, p\u00e5l\u00e4st och kunnig om iktyossjukdomarna.<\/td><\/tr><tr><td class=\"has-text-align-center\" data-align=\"center\"><strong>2015<\/strong><\/td><td class=\"has-text-align-center\" data-align=\"center\"><strong>Marie H\u00f6gdin<\/strong><\/td><td class=\"has-text-align-left\" data-align=\"left\">Tidigare styrelsemedlem under m\u00e5nga \u00e5r samt stort engagemang som ordf\u00f6rande i region 2.<\/td><\/tr><tr><td class=\"has-text-align-center\" data-align=\"center\"><strong>2014<\/strong><\/td><td class=\"has-text-align-center\" data-align=\"center\"><strong>Cathrin Andersson<\/strong><\/td><td class=\"has-text-align-left\" data-align=\"left\">Undersk\u00f6terska p\u00e5 hudkliniken Borl\u00e4nge sjukhus. Nominerad f\u00f6r sin goda, varsamma och omt\u00e4nksamma behandling av en medlems hud.<\/td><\/tr><tr><td class=\"has-text-align-center\" data-align=\"center\"><strong>2013<\/strong><\/td><td class=\"has-text-align-center\" data-align=\"center\"><strong>Solveigh Bernl\u00f6f<\/strong><\/td><td class=\"has-text-align-left\" data-align=\"left\">F\u00f6r engagemang i region 4 och spridning av iktyosmaterial p\u00e5 olika s\u00e4tt.<\/td><\/tr><tr><td class=\"has-text-align-center\" data-align=\"center\"><strong>2012<\/strong><\/td><td class=\"has-text-align-center\" data-align=\"center\"><strong>Marie Virtanen<\/strong><\/td><td class=\"has-text-align-left\" data-align=\"left\">L\u00e4kare\/genetiker p\u00e5 Akademiska i Uppsala.<\/td><\/tr><tr><td class=\"has-text-align-center\" data-align=\"center\"><strong>2011<\/strong><\/td><td class=\"has-text-align-center\" data-align=\"center\"><strong>Malin G\u00e5nemo Nilsson<\/strong><\/td><td class=\"has-text-align-left\" data-align=\"left\">F\u00f6r l\u00e5ngvarigt engagemang i styrelsen och i region 1.<\/td><\/tr><tr><td class=\"has-text-align-center\" data-align=\"center\"><strong>2010<\/strong><\/td><td class=\"has-text-align-center\" data-align=\"center\"><strong>Marita Pigg Hellstr\u00f6m<\/strong><\/td><td class=\"has-text-align-left\" data-align=\"left\">L\u00e4kare\/genetiker p\u00e5 Akademiska i Uppsala.<\/td><\/tr><tr><td class=\"has-text-align-center\" data-align=\"center\"><strong>2009<\/strong><\/td><td class=\"has-text-align-center\" data-align=\"center\"><strong>Eva \u00c5hman<\/strong><\/td><td class=\"has-text-align-left\" data-align=\"left\">Bidrog med sina fina teckningar\/skisser p\u00e5 baksidan av<br>Iktyostidningen.<\/td><\/tr><tr><td class=\"has-text-align-center\" data-align=\"center\"><strong>2008<\/strong><\/td><td class=\"has-text-align-center\" data-align=\"center\"><strong>Agneta G\u00e5nemo<\/strong><\/td><td class=\"has-text-align-left\" data-align=\"left\">F\u00f6r allt hon gjort inom och utom f\u00f6reningen. Docent i experimentell dermatologi.<\/td><\/tr><tr><td class=\"has-text-align-center\" data-align=\"center\"><strong>2007<\/strong><\/td><td class=\"has-text-align-center\" data-align=\"center\"><strong>Helena Holmberg<\/strong><\/td><td class=\"has-text-align-left\" data-align=\"left\">Tidigare styrelsemedlem.<br>Hade hand om Iktyostidningen i begynnelsen och flera \u00e5r fram\u00e5t (journalist).<\/td><\/tr><tr><td class=\"has-text-align-center\" data-align=\"center\"><strong>2006<\/strong><\/td><td class=\"has-text-align-center\" data-align=\"center\"><strong>Anders Vahlqvist<\/strong><\/td><td class=\"has-text-align-left\" data-align=\"left\">Professor i dermatologi vid Akademiska i Uppsala. Expert p\u00e5 bl.a. iktyos.<\/td><\/tr><tr><td class=\"has-text-align-center\" data-align=\"center\"><strong>2005<\/strong><\/td><td class=\"has-text-align-center\" data-align=\"center\"><strong>Toralf Hansson<\/strong><\/td><td class=\"has-text-align-left\" data-align=\"left\">En av de tidigaste ordf\u00f6randena som \u00e4ven \u00e5kte land och rike runt med Agneta G\u00e5nemo och informerade om iktyos.<\/td><\/tr><\/tbody><\/table><\/figure>\n","protected":false},"excerpt":{"rendered":"<p>Stadgar f\u00f6r stipendiefonden Stipendiet ska utdelas vid \u00e5rsm\u00f6tet varje \u00e5r f\u00f6r betydande insatser f\u00f6r f\u00f6rverkligandet av Iktyosf\u00f6reningens syften: Stipendiet \u00e4r p\u00e5 5 000 kr. Alla medlemmar f\u00e5r nominera stipendiater senast 31 december \u00e5ret f\u00f6re utdelandet. Beslut om stipendiaten tas av <span class=\"excerpt-dots\">&hellip;<\/span> <a class=\"more-link\" href=\"https:\/\/iktyos.se\/?page_id=280\"><span class=\"more-msg\">L\u00e4s mer &rarr;<\/span><\/a><\/p>\n","protected":false},"author":1,"featured_media":0,"parent":27,"menu_order":5,"comment_status":"closed","ping_status":"closed","template":"","meta":{"_uag_custom_page_level_css":"","footnotes":""},"class_list":["post-280","page","type-page","status-publish","hentry"],"uagb_featured_image_src":{"full":false,"thumbnail":false,"medium":false,"medium_large":false,"large":false,"1536x1536":false,"2048x2048":false},"uagb_author_info":{"display_name":"Iktyosf\u00f6reningen","author_link":"https:\/\/iktyos.se\/?author=1"},"uagb_comment_info":0,"uagb_excerpt":"Stadgar f\u00f6r stipendiefonden Stipendiet ska utdelas vid \u00e5rsm\u00f6tet varje \u00e5r f\u00f6r betydande insatser f\u00f6r f\u00f6rverkligandet av Iktyosf\u00f6reningens syften: Stipendiet \u00e4r p\u00e5 5 000 kr. Alla medlemmar f\u00e5r nominera stipendiater senast 31 december \u00e5ret f\u00f6re utdelandet. Beslut om stipendiaten tas av &hellip; L\u00e4s mer &rarr;","_links":{"self":[{"href":"https:\/\/iktyos.se\/index.php?rest_route=\/wp\/v2\/pages\/280","targetHints":{"allow":["GET"]}}],"collection":[{"href":"https:\/\/iktyos.se\/index.php?rest_route=\/wp\/v2\/pages"}],"about":[{"href":"https:\/\/iktyos.se\/index.php?rest_route=\/wp\/v2\/types\/page"}],"author":[{"embeddable":true,"href":"https:\/\/iktyos.se\/index.php?rest_route=\/wp\/v2\/users\/1"}],"replies":[{"embeddable":true,"href":"https:\/\/iktyos.se\/index.php?rest_route=%2Fwp%2Fv2%2Fcomments&post=280"}],"version-history":[{"count":49,"href":"https:\/\/iktyos.se\/index.php?rest_route=\/wp\/v2\/pages\/280\/revisions"}],"predecessor-version":[{"id":1827,"href":"https:\/\/iktyos.se\/index.php?rest_route=\/wp\/v2\/pages\/280\/revisions\/1827"}],"up":[{"embeddable":true,"href":"https:\/\/iktyos.se\/index.php?rest_route=\/wp\/v2\/pages\/27"}],"wp:attachment":[{"href":"https:\/\/iktyos.se\/index.php?rest_route=%2Fwp%2Fv2%2Fmedia&parent=280"}],"curies":[{"name":"wp","href":"https:\/\/api.w.org\/{rel}","templated":true}]}}