{"id":112,"date":"2025-06-11T17:08:11","date_gmt":"2025-06-11T17:08:11","guid":{"rendered":"https:\/\/test.iktyos.se\/?page_id=112"},"modified":"2026-01-15T09:14:19","modified_gmt":"2026-01-15T09:14:19","slug":"historik","status":"publish","type":"page","link":"https:\/\/iktyos.se\/?page_id=112","title":{"rendered":"Historik"},"content":{"rendered":"\n<h3 class=\"wp-block-heading\">Ett TV-program kan betyda s\u00e5 mycket<\/h3>\n\n\n\n<p>En starkt bidragande&nbsp;orsak till att Iktyosf\u00f6reningen finns idag var TV-dokument\u00e4ren&nbsp;<em>\u201dViktor, en segrare\u201d<\/em>. Viktor hade en av de s\u00e4llsynta och sv\u00e5ra formerna av hudsjukdomen iktyos. Han var en s\u00e5 charmig liten kille! Programmet ber\u00f6rde m\u00e5nga tittare och en stor del av dessa engagerade sig och skrev brev f\u00f6r att visa sitt st\u00f6d f\u00f6r Viktor och hans familj. Det var ocks\u00e5 en hel del tittare som sj\u00e4lva hade iktyos som s\u00e5g programmet \u2013 man var allts\u00e5 inte ensam om att ha denna s\u00e4llsynta&nbsp;hudsjukdom!<\/p>\n\n\n\n<h3 class=\"wp-block-heading\">Ideella och m\u00e5lmedvetna krafter agerar<\/h3>\n\n\n\n<p>Efter TV-dokument\u00e4ren, den 7 augusti&nbsp;1988 i \u00c4ngelholm,&nbsp;tr\u00e4ffades f\u00f6r f\u00f6rsta g\u00e5ngen en grupp&nbsp;personer med iktyos f\u00f6r att bilda en f\u00f6reningen f\u00f6r&nbsp;dem med hudsjukdomen och deras anh\u00f6riga. Flera av de n\u00e4rvarande hade aldrig tidigare tr\u00e4ffat n\u00e5gon med iktyos och det var p\u00e5 m\u00e5nga s\u00e4tt ett k\u00e4nsloladdat m\u00f6te. En journalist skrev om bildandet av Iktyosf\u00f6reningen och fler och fler ansl\u00f6t sig som medlemmar i den nybildade organisationen. P\u00e5 v\u00e5ren 1989 h\u00f6lls det f\u00f6rsta riktiga \u00e5rsm\u00f6tet och stadgarna antogs. Nu var det dags att utveckla verksamhet f\u00f6r medlemmarna och b\u00f6rja sprida information om iktyos runt om i samh\u00e4llet! M\u00e5nga ideella krafter b\u00f6rjade m\u00e5lmedvetet utveckla Iktyosf\u00f6reningen genom att bl.a. bilda regioner, skapa regionstyrelser med regionalt aktiva personer som var n\u00e4ra medlemmarna. F\u00f6reningen b\u00f6rjade ge ut en tidning och&nbsp;band kn\u00f6ts till den&nbsp;viktiga iktyosforskningen.<\/p>\n\n\n\n<h3 class=\"wp-block-heading\">En del av den svenska funktionshinderr\u00f6relsen<\/h3>\n\n\n\n<p>Nu, 38 \u00e5r senare, \u00e4r Iktyosf\u00f6reningen en del av den svenska patient- och funktionshinderr\u00f6relsen. Medlemsantalet i f\u00f6reningen var per 31\/12 2024 var 543 st och best\u00e5r fr\u00e4mst av diagnosb\u00e4rare och n\u00e4rst\u00e5ende.<\/p>\n\n\n\n\n\n\n\n<p><\/p>\n","protected":false},"excerpt":{"rendered":"<p>Ett TV-program kan betyda s\u00e5 mycket En starkt bidragande&nbsp;orsak till att Iktyosf\u00f6reningen finns idag var TV-dokument\u00e4ren&nbsp;\u201dViktor, en segrare\u201d. Viktor hade en av de s\u00e4llsynta och sv\u00e5ra formerna av hudsjukdomen iktyos. Han var en s\u00e5 charmig liten kille! Programmet ber\u00f6rde m\u00e5nga <span class=\"excerpt-dots\">&hellip;<\/span> <a class=\"more-link\" href=\"https:\/\/iktyos.se\/?page_id=112\"><span class=\"more-msg\">L\u00e4s mer &rarr;<\/span><\/a><\/p>\n","protected":false},"author":1,"featured_media":0,"parent":27,"menu_order":4,"comment_status":"closed","ping_status":"closed","template":"","meta":{"_uag_custom_page_level_css":"","footnotes":""},"class_list":["post-112","page","type-page","status-publish","hentry"],"uagb_featured_image_src":{"full":false,"thumbnail":false,"medium":false,"medium_large":false,"large":false,"1536x1536":false,"2048x2048":false},"uagb_author_info":{"display_name":"Iktyosf\u00f6reningen","author_link":"https:\/\/iktyos.se\/?author=1"},"uagb_comment_info":0,"uagb_excerpt":"Ett TV-program kan betyda s\u00e5 mycket En starkt bidragande&nbsp;orsak till att Iktyosf\u00f6reningen finns idag var TV-dokument\u00e4ren&nbsp;\u201dViktor, en segrare\u201d. Viktor hade en av de s\u00e4llsynta och sv\u00e5ra formerna av hudsjukdomen iktyos. Han var en s\u00e5 charmig liten kille! Programmet ber\u00f6rde m\u00e5nga &hellip; L\u00e4s mer &rarr;","_links":{"self":[{"href":"https:\/\/iktyos.se\/index.php?rest_route=\/wp\/v2\/pages\/112","targetHints":{"allow":["GET"]}}],"collection":[{"href":"https:\/\/iktyos.se\/index.php?rest_route=\/wp\/v2\/pages"}],"about":[{"href":"https:\/\/iktyos.se\/index.php?rest_route=\/wp\/v2\/types\/page"}],"author":[{"embeddable":true,"href":"https:\/\/iktyos.se\/index.php?rest_route=\/wp\/v2\/users\/1"}],"replies":[{"embeddable":true,"href":"https:\/\/iktyos.se\/index.php?rest_route=%2Fwp%2Fv2%2Fcomments&post=112"}],"version-history":[{"count":12,"href":"https:\/\/iktyos.se\/index.php?rest_route=\/wp\/v2\/pages\/112\/revisions"}],"predecessor-version":[{"id":1769,"href":"https:\/\/iktyos.se\/index.php?rest_route=\/wp\/v2\/pages\/112\/revisions\/1769"}],"up":[{"embeddable":true,"href":"https:\/\/iktyos.se\/index.php?rest_route=\/wp\/v2\/pages\/27"}],"wp:attachment":[{"href":"https:\/\/iktyos.se\/index.php?rest_route=%2Fwp%2Fv2%2Fmedia&parent=112"}],"curies":[{"name":"wp","href":"https:\/\/api.w.org\/{rel}","templated":true}]}}