{"id":109,"date":"2025-06-11T16:11:17","date_gmt":"2025-06-11T16:11:17","guid":{"rendered":"https:\/\/test.iktyos.se\/?page_id=109"},"modified":"2026-04-14T15:27:52","modified_gmt":"2026-04-14T15:27:52","slug":"narliggande-hudsjukdomar-till-iktyos","status":"publish","type":"page","link":"https:\/\/iktyos.se\/?page_id=109","title":{"rendered":"N\u00e4rliggande hudsjukdomar till iktyos"},"content":{"rendered":"\n<h3 class=\"wp-block-heading\">N\u00e4rliggande sjukdomar till iktyos<\/h3>\n\n\n\n<p>H\u00e4r har vi samlat n\u00e5gra hudsjukdomar som \u201dligger n\u00e4ra\u201d iktyossjukdomarna men \u00e4r definierade\/diagnosticerade som \u201degna\u201d hudsjukdomar. <\/p>\n\n\n\n<h3 class=\"wp-block-heading\">Dariers sjukdom (Keratosis follicularis)<\/h3>\n\n\n\n<p>Dariers sjukdom tillh\u00f6r inte iktyossjukdomarna utan \u00e4r en egen hudsjukdom med klarlagd orsak. De f\u00f6rsta hudsymtomen m\u00e4rks i allm\u00e4nhet i puberteten och de f\u00e5r sm\u00e5 f\u00f6rh\u00e5rdnader i \u00f6verhuden s\u00e4rskilt kring h\u00e5rs\u00e4cksmynningarna. Huden, framf\u00f6r allt i ansiktet, p\u00e5 br\u00f6stet och p\u00e5 ryggen blir brunaktig med fuktiga och trasiga knottror. \u00c4ven huden p\u00e5 andra omr\u00e5den p\u00e5 kroppen kan efter hand drabbas av dessa hudf\u00f6r\u00e4ndringar. Dessa partier kan l\u00e4tt infekteras. Sjukdomen \u00e4rvs dominant och det finns ofta flera i familjen med samma symtom. Studier visar att personer med Dariers sjukdom kan uppleva negativ p\u00e5verkan p\u00e5 det dagliga livet i skolan och p\u00e5 arbetsplatser p\u00e5 grund av hudsymtomen, utseende f\u00f6r\u00e4ndringar och lukt av de trasiga hudpartierna.<\/p>\n\n\n\n<p><a href=\"https:\/\/www.socialstyrelsen.se\/kunskapsstod-och-regler\/omraden\/sallsynta-halsotillstand\/om-kunskapsdatabasen\/sok-bland-sallsynta-halsotillstand\/dariers-sjukdom\/\" data-type=\"link\" data-id=\"https:\/\/www.socialstyrelsen.se\/kunskapsstod-och-regler\/omraden\/sallsynta-halsotillstand\/om-kunskapsdatabasen\/sok-bland-sallsynta-halsotillstand\/dariers-sjukdom\/\" target=\"_blank\" rel=\"noreferrer noopener\">F\u00f6r mer information se socialstyrelsens hemsida<\/a><\/p>\n\n\n\n<h3 class=\"wp-block-heading\">F\u00f6rv\u00e4rvad iktyos (Aquired ichthyosis)<\/h3>\n\n\n\n<p>F\u00f6rv\u00e4rvad iktyos har inget samband med de \u00f6vriga formerna av iktyos som h\u00e4r beskrivits. Den \u00e4r inte \u00e4rftlig och upptr\u00e4der inte hos nyf\u00f6dda eller sm\u00e5 barn. F\u00f6rv\u00e4rvad iktyos kommer i vuxen \u00e5lder, i samband med n\u00e5gon annan, oftast sv\u00e5r inv\u00e4rtes sjukdom. Symtomen \u00e4r likartad som andra iktyosformer d v s. en torr och fj\u00e4llig hud p\u00e5 hela eller delar av kroppen. Det finns ett 40-tal olika inv\u00e4rtes sjukdomstillst\u00e5nd som kan orsaka f\u00f6rv\u00e4rvad iktyos. Dessa \u00e4r cancersjukdom, autoimmun sjukdom eller inflammatorisk sjukdom, uppf\u00f6dningsrubbningar t.ex. glutenintolerans, metabolisk sjukdom s\u00e5som struma, kronisk lever- eller njursjukdom, infektionssjukdom s\u00e5som AIDS eller spet\u00e4lska.&nbsp; \u00c4ven l\u00e4kemedelsbiverkan kan f\u00f6rorsaka f\u00f6rv\u00e4rvad iktyos. En sv\u00e5r underliggande sjukdom ger \u00e4ven en sv\u00e5r iktyos och fokus b\u00f6r vara att bota den underliggande sjukdomen. \u00d6vrig behandling inriktar sig p\u00e5 att lindra hudsymtomen.<\/p>\n\n\n\n<h3 class=\"wp-block-heading\">Keratodermia palmo plantaris (KPP)<\/h3>\n\n\n\n<p>Keratodermia palmo plantaris (KPP) kallas \u00e4ven Palmo plantar keratoderma (PPK) vilka b\u00e5da \u00e4r en beteckning f\u00f6r kraftig hudf\u00f6rtjockning i handflator och fotsulor. Det finns \u00e4ven varianter med kraftig bl\u00e5s-och s\u00e5rbildning och fuktig hudavlossning framf\u00f6r allt p\u00e5 fotsulorna. Ofta syns en markerad rand p\u00e5 sidan av foten, strax ovanf\u00f6r handflatan respektive fotsulan. Om f\u00f6tterna\/h\u00e4nderna varit i vatten en l\u00e4ngre stund blir huden vit och svullen. Illaluktande fotsvett och svampinfektioner kan vara ett \u00e5terkommande bekymmer.<\/p>\n\n\n\n<p>KPP \u00e4r s\u00e4rskilt vanlig i Norrbotten och V\u00e4sterbotten och \u00e4rvs dominant, d v s flera generationer och flera personer i samma familj\/sl\u00e4kt har denna hudf\u00f6r\u00e4ndring. Andra mer ovanliga former av KPP finns av vilka de flesta \u00e4rvs recessivt, dvs det beh\u00f6vs anlag fr\u00e5n b\u00e5da f\u00f6r\u00e4ldrarna f\u00f6r att f\u00e5 sjukdomen. Dessa former \u00e4r som regel sv\u00e5rare och m\u00e4rks d\u00e5 som en kraftigt f\u00f6rtjockad och fj\u00e4llig hud p\u00e5 det lilla sp\u00e4dbarnets hand- och fotsulor. De flesta av de som har en lamell\u00e4r iktyos har ocks\u00e5 en hudf\u00f6rtjockning p\u00e5 handflator och fotsulor i kombination med \u00f6vriga hudsymtom.<\/p>\n\n\n\n<div class=\"wp-block-uagb-container uagb-block-9b8e6df2 alignfull uagb-is-root-container\"><div class=\"uagb-container-inner-blocks-wrap\">\n<div class=\"wp-block-uagb-container uagb-block-f610eb47\"><div class=\"wp-block-image\">\n<figure class=\"aligncenter size-full\"><img loading=\"lazy\" decoding=\"async\" width=\"715\" height=\"476\" src=\"https:\/\/iktyos.se\/wp-content\/uploads\/2026\/04\/KPP-1.png\" alt=\"\" class=\"wp-image-2280\" srcset=\"https:\/\/iktyos.se\/wp-content\/uploads\/2026\/04\/KPP-1.png 715w, https:\/\/iktyos.se\/wp-content\/uploads\/2026\/04\/KPP-1-200x133.png 200w\" sizes=\"auto, (max-width: 715px) 100vw, 715px\" \/><\/figure>\n<\/div><\/div>\n\n\n\n<div class=\"wp-block-uagb-container uagb-block-d618c56a\"><\/div>\n\n\n\n<div class=\"wp-block-uagb-container uagb-block-6e29954f\"><\/div>\n<\/div><\/div>\n\n\n\n<p><strong>Samtliga texter \u00e4r skrivna av leg. sjuksk\u00f6terska, medicine doktor och docent Agneta G\u00e5nemo.<\/strong><\/p>\n\n\n\n<p><\/p>\n","protected":false},"excerpt":{"rendered":"<p>N\u00e4rliggande sjukdomar till iktyos H\u00e4r har vi samlat n\u00e5gra hudsjukdomar som \u201dligger n\u00e4ra\u201d iktyossjukdomarna men \u00e4r definierade\/diagnosticerade som \u201degna\u201d hudsjukdomar. Dariers sjukdom (Keratosis follicularis) Dariers sjukdom tillh\u00f6r inte iktyossjukdomarna utan \u00e4r en egen hudsjukdom med klarlagd orsak. De f\u00f6rsta hudsymtomen <span class=\"excerpt-dots\">&hellip;<\/span> <a class=\"more-link\" href=\"https:\/\/iktyos.se\/?page_id=109\"><span class=\"more-msg\">L\u00e4s mer &rarr;<\/span><\/a><\/p>\n","protected":false},"author":1,"featured_media":0,"parent":2,"menu_order":3,"comment_status":"closed","ping_status":"closed","template":"","meta":{"_uag_custom_page_level_css":"","footnotes":""},"class_list":["post-109","page","type-page","status-publish","hentry"],"uagb_featured_image_src":{"full":false,"thumbnail":false,"medium":false,"medium_large":false,"large":false,"1536x1536":false,"2048x2048":false},"uagb_author_info":{"display_name":"Iktyosf\u00f6reningen","author_link":"https:\/\/iktyos.se\/?author=1"},"uagb_comment_info":0,"uagb_excerpt":"N\u00e4rliggande sjukdomar till iktyos H\u00e4r har vi samlat n\u00e5gra hudsjukdomar som \u201dligger n\u00e4ra\u201d iktyossjukdomarna men \u00e4r definierade\/diagnosticerade som \u201degna\u201d hudsjukdomar. Dariers sjukdom (Keratosis follicularis) Dariers sjukdom tillh\u00f6r inte iktyossjukdomarna utan \u00e4r en egen hudsjukdom med klarlagd orsak. De f\u00f6rsta hudsymtomen &hellip; L\u00e4s mer &rarr;","_links":{"self":[{"href":"https:\/\/iktyos.se\/index.php?rest_route=\/wp\/v2\/pages\/109","targetHints":{"allow":["GET"]}}],"collection":[{"href":"https:\/\/iktyos.se\/index.php?rest_route=\/wp\/v2\/pages"}],"about":[{"href":"https:\/\/iktyos.se\/index.php?rest_route=\/wp\/v2\/types\/page"}],"author":[{"embeddable":true,"href":"https:\/\/iktyos.se\/index.php?rest_route=\/wp\/v2\/users\/1"}],"replies":[{"embeddable":true,"href":"https:\/\/iktyos.se\/index.php?rest_route=%2Fwp%2Fv2%2Fcomments&post=109"}],"version-history":[{"count":22,"href":"https:\/\/iktyos.se\/index.php?rest_route=\/wp\/v2\/pages\/109\/revisions"}],"predecessor-version":[{"id":2281,"href":"https:\/\/iktyos.se\/index.php?rest_route=\/wp\/v2\/pages\/109\/revisions\/2281"}],"up":[{"embeddable":true,"href":"https:\/\/iktyos.se\/index.php?rest_route=\/wp\/v2\/pages\/2"}],"wp:attachment":[{"href":"https:\/\/iktyos.se\/index.php?rest_route=%2Fwp%2Fv2%2Fmedia&parent=109"}],"curies":[{"name":"wp","href":"https:\/\/api.w.org\/{rel}","templated":true}]}}